{"id":6198,"date":"2017-04-18T14:17:49","date_gmt":"2017-04-18T14:17:49","guid":{"rendered":"http:\/\/mediclinic.mikado-themes.com\/?page_id=6198"},"modified":"2025-09-15T20:51:57","modified_gmt":"2025-09-15T18:51:57","slug":"sportarzt_innsbruck_jazbec","status":"publish","type":"page","link":"https:\/\/neuro-ortho.at\/de\/sportarzt_innsbruck_jazbec\/","title":{"rendered":"\u00dcber mich"},"content":{"rendered":"<div class=\"wpb-content-wrapper\"><p>[vc_row gap=&#8220;10&#8243; css=&#8220;.vc_custom_1665568683503{margin-top: 70px !important;margin-right: 50px !important;margin-bottom: 50px !important;margin-left: 35px !important;}&#8220;][vc_column width=&#8220;1\/2&#8243; css=&#8220;.vc_custom_1665568637104{margin-top: 30px !important;}&#8220;][vc_single_image image=&#8220;9483&#8243; img_size=&#8220;500&#215;500&#8243; style=&#8220;vc_box_rounded&#8220;][\/vc_column][vc_column width=&#8220;1\/2&#8243;][vc_column_text css=&#8220;&#8220;]<\/p>\n<h2>Dr. med. Thomas Jazbec<\/h2>\n<h4><strong>Nachfolgepraxis Dr. Andreas Lotz<\/strong><\/h4>\n<p><strong><span dir=\"ltr\" role=\"presentation\">KLINISCHE ERFAHRUNG<br \/>\n<\/span><\/strong><br role=\"presentation\" \/><span dir=\"ltr\" role=\"presentation\">s<\/span><span dir=\"ltr\" role=\"presentation\">eit 2020:<\/span> <span dir=\"ltr\" role=\"presentation\">Praxisinhaber und<\/span> <strong><span dir=\"ltr\" role=\"presentation\">Nachfolger von Dr. Andreas Lotz<br \/>\n<\/span><\/strong><br role=\"presentation\" \/><span dir=\"ltr\" role=\"presentation\">seit 2018:<\/span> <strong><span dir=\"ltr\" role=\"presentation\">Teamarzt<\/span> <span dir=\"ltr\" role=\"presentation\">des \u00d6sterreichischen Skiverbandes<br \/>\n<\/span><\/strong><br role=\"presentation\" \/><span dir=\"ltr\" role=\"presentation\">2017<\/span><span dir=\"ltr\" role=\"presentation\">&#8211;<\/span><span dir=\"ltr\" role=\"presentation\">2020<\/span><span dir=\"ltr\" role=\"presentation\">:<\/span> <span dir=\"ltr\" role=\"presentation\">Praxisgemeinschaft mit<\/span> <strong><span dir=\"ltr\" role=\"presentation\">Dr. Andreas<\/span> <span dir=\"ltr\" role=\"presentation\">Lotz<br \/>\n<\/span><\/strong><br role=\"presentation\" \/><span dir=\"ltr\" role=\"presentation\">2014<\/span><span dir=\"ltr\" role=\"presentation\">&#8211;<\/span><span dir=\"ltr\" role=\"presentation\">2020<\/span><span dir=\"ltr\" role=\"presentation\">:<\/span> <span dir=\"ltr\" role=\"presentation\">Univ.-Klinik<\/span> <span dir=\"ltr\" role=\"presentation\">f\u00fcr <\/span><span dir=\"ltr\" role=\"presentation\">Orthop\u00e4die<\/span> <span dir=\"ltr\" role=\"presentation\">und Orthop\u00e4dische Chirurgie<\/span> <span dir=\"ltr\" role=\"presentation\">Innsbruck<\/span> <span dir=\"ltr\" role=\"presentation\">bei<\/span> <strong><span dir=\"ltr\" role=\"presentation\">Univ.<\/span><span dir=\"ltr\" role=\"presentation\">&#8211;<\/span><span dir=\"ltr\" role=\"presentation\">Prof. Dr. <\/span><\/strong><strong><span dir=\"ltr\" role=\"presentation\">Martin<\/span> <span dir=\"ltr\" role=\"presentation\">Krismer<br \/>\n<\/span><\/strong><br role=\"presentation\" \/><span dir=\"ltr\" role=\"presentation\">2009<\/span><span dir=\"ltr\" role=\"presentation\">&#8211;<\/span><span dir=\"ltr\" role=\"presentation\">2014<\/span><span dir=\"ltr\" role=\"presentation\">:<\/span> <span dir=\"ltr\" role=\"presentation\">Univ.-Klinik<\/span> <span dir=\"ltr\" role=\"presentation\">f\u00fcr <\/span><span dir=\"ltr\" role=\"presentation\">Neurochirurgie<\/span> <span dir=\"ltr\" role=\"presentation\">Innsbruck<\/span> <span dir=\"ltr\" role=\"presentation\">bei<\/span> <strong><span dir=\"ltr\" role=\"presentation\">Univ.<\/span><span dir=\"ltr\" role=\"presentation\">&#8211;<\/span><span dir=\"ltr\" role=\"presentation\">Prof.Dr.<\/span> <span dir=\"ltr\" role=\"presentation\">Claudius<\/span> <span dir=\"ltr\" role=\"presentation\">Thom\u00e9<br \/>\n<\/span><\/strong><br role=\"presentation\" \/><span dir=\"ltr\" role=\"presentation\">2008:<\/span> <span dir=\"ltr\" role=\"presentation\">Univ.-Klinik<\/span> <span dir=\"ltr\" role=\"presentation\">f\u00fcr <\/span><span dir=\"ltr\" role=\"presentation\">Neurochirurgie<\/span> <span dir=\"ltr\" role=\"presentation\">Erlangen<\/span> <span dir=\"ltr\" role=\"presentation\">bei<\/span> <strong><span dir=\"ltr\" role=\"presentation\">Univ.<\/span><span dir=\"ltr\" role=\"presentation\">&#8211;<\/span><span dir=\"ltr\" role=\"presentation\">Prof.Dr.<\/span> <span dir=\"ltr\" role=\"presentation\">Michael<\/span> <span dir=\"ltr\" role=\"presentation\">Buchfelder<br \/>\n<\/span><\/strong><br \/>\n<br role=\"presentation\" \/><strong><span dir=\"ltr\" role=\"presentation\">AUSBILDUNGEN<\/span><\/strong><\/p>\n<p><strong>\u00d6\u00c4K-Diplom f\u00fcr Sportmedizin<br \/>\n\u00d6\u00c4K-Diplom f\u00fcr Manuelle Medizin<br \/>\n\u00d6\u00c4K-Diplom f\u00fcr Notfallmedizin<br \/>\n<\/strong><span dir=\"ltr\" role=\"presentation\">Ausbildungsdiplom der europ\u00e4ischen Gesellschaft f\u00fcr Neurochirurgie<\/span><br role=\"presentation\" \/><span dir=\"ltr\" role=\"presentation\">Fortbildungsdiplom<\/span> <span dir=\"ltr\" role=\"presentation\">der \u00f6sterreichischen \u00c4rztekammer<\/span><strong><span dir=\"ltr\" role=\"presentation\"><br \/>\n<\/span><\/strong><br \/>\n<br role=\"presentation\" \/><strong><span dir=\"ltr\" role=\"presentation\">STUDIUM<br \/>\n<\/span><\/strong><br role=\"presentation\" \/><span dir=\"ltr\" role=\"presentation\">an der Medizinischen Universit\u00e4t Graz, Lund (Schweden) und Wien<\/span><\/p>\n<p><span dir=\"ltr\" role=\"presentation\"><br \/>\n<\/span><br role=\"presentation\" \/><strong><span dir=\"ltr\" role=\"presentation\">BERUFSERFAHRUNG <\/span><\/strong><span dir=\"ltr\" role=\"presentation\">vor meiner medizinischen T\u00e4tigkeit:<\/span><br role=\"presentation\" \/><strong><span dir=\"ltr\" role=\"presentation\">16 Jahre<\/span> <span dir=\"ltr\" role=\"presentation\">hauptberuflich Tennistrainer und Tennisschulleiter<\/span><\/strong> <span dir=\"ltr\" role=\"presentation\">mit dem h\u00f6chsten staatlichen <\/span><span dir=\"ltr\" role=\"presentation\">Ausbildungsgrad<\/span><span dir=\"ltr\" role=\"presentation\">, 2 steirischen Meistertiteln bei den Herren und einer<\/span> <span dir=\"ltr\" role=\"presentation\">o<\/span><span dir=\"ltr\" role=\"presentation\">l<\/span><span dir=\"ltr\" role=\"presentation\">ympische<\/span><span dir=\"ltr\" role=\"presentation\">n<\/span> <span dir=\"ltr\" role=\"presentation\">Gold<\/span><span dir=\"ltr\" role=\"presentation\">&#8211;<\/span><span dir=\"ltr\" role=\"presentation\">, Silber<\/span><span dir=\"ltr\" role=\"presentation\">&#8211; <\/span><span dir=\"ltr\" role=\"presentation\">&amp; Bronzemedaille<\/span> <span dir=\"ltr\" role=\"presentation\">b<\/span><span dir=\"ltr\" role=\"presentation\">ei den Special Olympics als Trainer und Spielpartner<\/span> <span dir=\"ltr\" role=\"presentation\">von Michael Hetzl<\/span><span dir=\"ltr\" role=\"presentation\">.<br \/>\n<\/span><br role=\"presentation\" \/><span dir=\"ltr\" role=\"presentation\">aus Weiz in der Steiermark<\/span> <span dir=\"ltr\" role=\"presentation\">stammend, seit Dezember 2008 in Tirol lebend.<\/span>[\/vc_column_text][\/vc_column][\/vc_row][vc_row row_content_width=&#8220;grid&#8220; css=&#8220;.vc_custom_1494313682488{padding-top: 43px !important;}&#8220; simple_background_color=&#8220;#ffffff&#8220;][vc_column offset=&#8220;vc_col-lg-6 vc_col-md-12&#8243; css=&#8220;.vc_custom_1494313671615{margin-top: 0px !important;margin-right: 0px !important;margin-bottom: -40px !important;margin-left: 0px !important;}&#8220;]<div class=\"mkdf-elements-holder mkdf-one-column mkdf-responsive-mode-768\" ><div class=\"mkdf-eh-item \"  data-item-class=\"mkdf-eh-custom-923510\" data-1280-1600=\"40px 0 0\" data-1024-1280=\"40px 0 0\" data-768-1024=\"0px 0px\" data-600-768=\"0px 0px\" data-480-600=\"0px 0px\" data-480=\"0px 0px\">\n\t<div class=\"mkdf-eh-item-inner\">\n\t\t<div class=\"mkdf-eh-item-content mkdf-eh-custom-923510\" style=\"padding: 30px 0 0\">\n\t\t\t[vc_column_text]<\/p>\n<h2><span style=\"font-weight: 300;\">Ein kleiner \u00dcberblick<\/span><br \/>\n\u00fcber meine Qualifikationen<\/h2>\n<p>[\/vc_column_text][vc_empty_space height=&#8220;40px&#8220;][vc_row_inner][vc_column_inner width=&#8220;1\/2&#8243;]<div class=\"mkdf-icon-list-holder\" >\n\t<div class=\"mkdf-il-icon-holder\">\n\t\t<i class=\"mkdf-icon-font-awesome fa fa-arrow-circle-right \" style=\"color: #81d742;font-size: 16px\"><\/i>\t<\/div>\n\t<p class=\"mkdf-il-text\" style=\"padding-left: 27px\">Facharzt f\u00fcr Orthop\u00e4die<\/p>\n<\/div><div class=\"mkdf-icon-list-holder\" >\n\t<div class=\"mkdf-il-icon-holder\">\n\t\t<i class=\"mkdf-icon-font-awesome fa fa-arrow-circle-right \" style=\"color: #81d742;font-size: 16px\"><\/i>\t<\/div>\n\t<p class=\"mkdf-il-text\" style=\"padding-left: 27px\">Facharzt f\u00fcr Orthop\u00e4dische Chirurgie<\/p>\n<\/div><div class=\"mkdf-icon-list-holder\" >\n\t<div class=\"mkdf-il-icon-holder\">\n\t\t<i class=\"mkdf-icon-font-awesome fa fa-arrow-circle-right \" style=\"color: #81d742;font-size: 16px\"><\/i>\t<\/div>\n\t<p class=\"mkdf-il-text\" style=\"padding-left: 27px\">Facharzt f\u00fcr Neurochirurgie<\/p>\n<\/div>[\/vc_column_inner][vc_column_inner width=&#8220;1\/2&#8243;]<div class=\"mkdf-icon-list-holder\" >\n\t<div class=\"mkdf-il-icon-holder\">\n\t\t<i class=\"mkdf-icon-font-awesome fa fa-arrow-circle-right \" style=\"color: #81d742;font-size: 16px\"><\/i>\t<\/div>\n\t<p class=\"mkdf-il-text\" style=\"padding-left: 27px\">\u00d6\u00c4K-Diplom f\u00fcr Sportmedizin<\/p>\n<\/div><div class=\"mkdf-icon-list-holder\" >\n\t<div class=\"mkdf-il-icon-holder\">\n\t\t<i class=\"mkdf-icon-font-awesome fa fa-arrow-circle-right \" style=\"color: #81d742;font-size: 16px\"><\/i>\t<\/div>\n\t<p class=\"mkdf-il-text\" style=\"padding-left: 27px\">\u00d6\u00c4K-Diplom f\u00fcr manuelle Medizin<\/p>\n<\/div><div class=\"mkdf-icon-list-holder\" >\n\t<div class=\"mkdf-il-icon-holder\">\n\t\t<i class=\"mkdf-icon-font-awesome fa fa-arrow-circle-right \" style=\"color: #81d742;font-size: 16px\"><\/i>\t<\/div>\n\t<p class=\"mkdf-il-text\" style=\"padding-left: 27px\">\u00d6\u00c4K-Diplom f\u00fcr Notfallmedizin<\/p>\n<\/div>[\/vc_column_inner][\/vc_row_inner][vc_empty_space height=&#8220;50px&#8220;]\t\t<\/div>\n\t<\/div>\n<\/div><\/div>[\/vc_column][vc_column offset=&#8220;vc_col-lg-6 vc_col-md-12&#8243;]<div class=\"mkdf-elements-holder mkdf-one-column mkdf-responsive-mode-768\" ><div class=\"mkdf-eh-item \"  data-item-class=\"mkdf-eh-custom-482572\" data-1280-1600=\"15px 0% 0px\" data-1024-1280=\"15px 0% 0px\" data-768-1024=\"5% 0% 0% 0%\" data-480-600=\"40px 0px 0px\" data-480=\"40px 0px 0px\">\n\t<div class=\"mkdf-eh-item-inner\">\n\t\t<div class=\"mkdf-eh-item-content mkdf-eh-custom-482572\" style=\"padding: 0px 0% 0px\">\n\t\t\t[vc_empty_space height=&#8220;50&#8243;][vc_single_image image=&#8220;9493&#8243; img_size=&#8220;full&#8220;]\t\t<\/div>\n\t<\/div>\n<\/div><\/div>[\/vc_column][\/vc_row][vc_row][vc_column][vc_empty_space height=&#8220;60&#8243;][\/vc_column][\/vc_row]<\/p>\n<\/div>","protected":false},"excerpt":{"rendered":"<p>[vc_row gap=&#8220;10&#8243; css=&#8220;.vc_custom_1665568683503{margin-top: 70px !important;margin-right: 50px !important;margin-bottom: 50px !important;margin-left: 35px !important;}&#8220;][vc_column width=&#8220;1\/2&#8243; css=&#8220;.vc_custom_1665568637104{margin-top: 30px !important;}&#8220;][vc_single_image image=&#8220;9483&#8243; img_size=&#8220;500&#215;500&#8243; style=&#8220;vc_box_rounded&#8220;][\/vc_column][vc_column width=&#8220;1\/2&#8243;][vc_column_text css=&#8220;&#8220;] Dr. med. Thomas Jazbec Nachfolgepraxis Dr. Andreas Lotz KLINISCHE ERFAHRUNG seit 2020: Praxisinhaber und Nachfolger von Dr. Andreas Lotz seit [&hellip;]<\/p>\n","protected":false},"author":1,"featured_media":0,"parent":0,"menu_order":0,"comment_status":"closed","ping_status":"closed","template":"full-width.php","meta":{"footnotes":""},"class_list":["post-6198","page","type-page","status-publish","hentry"],"yoast_head":"<!-- This site is optimized with the Yoast SEO plugin v25.7 - https:\/\/yoast.com\/wordpress\/plugins\/seo\/ -->\n<title>\u00dcber mich - NEURO ORTHO - Dr. Thomas Jazbec - Sportmedizinische Wahlarztpraxis f\u00fcr Orthop\u00e4die, Orthop\u00e4dische Chirurgie und Neurochirurgie<\/title>\n<meta name=\"robots\" content=\"index, follow, max-snippet:-1, max-image-preview:large, max-video-preview:-1\" \/>\n<link rel=\"canonical\" href=\"https:\/\/neuro-ortho.at\/de\/sportarzt_innsbruck_jazbec\/\" \/>\n<meta property=\"og:locale\" content=\"de_DE\" \/>\n<meta property=\"og:type\" content=\"article\" \/>\n<meta property=\"og:title\" content=\"\u00dcber mich - NEURO ORTHO - Dr. Thomas Jazbec - Sportmedizinische Wahlarztpraxis f\u00fcr Orthop\u00e4die, Orthop\u00e4dische Chirurgie und Neurochirurgie\" \/>\n<meta property=\"og:description\" content=\"[vc_row gap=&#8220;10&#8243; css=&#8220;.vc_custom_1665568683503{margin-top: 70px !important;margin-right: 50px !important;margin-bottom: 50px !important;margin-left: 35px !important;}&#8220;][vc_column width=&#8220;1\/2&#8243; css=&#8220;.vc_custom_1665568637104{margin-top: 30px !important;}&#8220;][vc_single_image image=&#8220;9483&#8243; img_size=&#8220;500&#215;500&#8243; style=&#8220;vc_box_rounded&#8220;][\/vc_column][vc_column width=&#8220;1\/2&#8243;][vc_column_text css=&#8220;&#8220;] Dr. med. Thomas Jazbec Nachfolgepraxis Dr. Andreas Lotz KLINISCHE ERFAHRUNG seit 2020: Praxisinhaber und Nachfolger von Dr. Andreas Lotz seit [&hellip;]\" \/>\n<meta property=\"og:url\" content=\"https:\/\/neuro-ortho.at\/de\/sportarzt_innsbruck_jazbec\/\" \/>\n<meta property=\"og:site_name\" content=\"NEURO ORTHO - Dr. Thomas Jazbec - Sportmedizinische Wahlarztpraxis f\u00fcr Orthop\u00e4die, Orthop\u00e4dische Chirurgie und Neurochirurgie\" \/>\n<meta property=\"article:publisher\" content=\"https:\/\/www.facebook.com\/neuro.ortho.at\" \/>\n<meta property=\"article:modified_time\" content=\"2025-09-15T18:51:57+00:00\" \/>\n<meta name=\"twitter:card\" content=\"summary_large_image\" \/>\n<meta name=\"twitter:label1\" content=\"Gesch\u00e4tzte Lesezeit\" \/>\n\t<meta name=\"twitter:data1\" content=\"3 Minuten\" \/>\n<script type=\"application\/ld+json\" class=\"yoast-schema-graph\">{\"@context\":\"https:\/\/schema.org\",\"@graph\":[{\"@type\":\"WebPage\",\"@id\":\"https:\/\/neuro-ortho.at\/de\/sportarzt_innsbruck_jazbec\/\",\"url\":\"https:\/\/neuro-ortho.at\/de\/sportarzt_innsbruck_jazbec\/\",\"name\":\"\u00dcber mich - NEURO ORTHO - Dr. Thomas Jazbec - Sportmedizinische Wahlarztpraxis f\u00fcr Orthop\u00e4die, Orthop\u00e4dische Chirurgie und Neurochirurgie\",\"isPartOf\":{\"@id\":\"https:\/\/neuro-ortho.at\/de\/#website\"},\"datePublished\":\"2017-04-18T14:17:49+00:00\",\"dateModified\":\"2025-09-15T18:51:57+00:00\",\"breadcrumb\":{\"@id\":\"https:\/\/neuro-ortho.at\/de\/sportarzt_innsbruck_jazbec\/#breadcrumb\"},\"inLanguage\":\"de-AT\",\"potentialAction\":[{\"@type\":\"ReadAction\",\"target\":[\"https:\/\/neuro-ortho.at\/de\/sportarzt_innsbruck_jazbec\/\"]}]},{\"@type\":\"BreadcrumbList\",\"@id\":\"https:\/\/neuro-ortho.at\/de\/sportarzt_innsbruck_jazbec\/#breadcrumb\",\"itemListElement\":[{\"@type\":\"ListItem\",\"position\":1,\"name\":\"Startseite\",\"item\":\"https:\/\/neuro-ortho.at\/de\/\"},{\"@type\":\"ListItem\",\"position\":2,\"name\":\"\u00dcber mich\"}]},{\"@type\":\"WebSite\",\"@id\":\"https:\/\/neuro-ortho.at\/de\/#website\",\"url\":\"https:\/\/neuro-ortho.at\/de\/\",\"name\":\"NEURO ORTHO - Dr. Thomas Jazbec - Sportmedizinische Wahlarztpraxis f\u00fcr Orthop\u00e4die, Orthop\u00e4dische Chirurgie und Neurochirurgie\",\"description\":\"Dr. Jazbec Jazbec - Sportmedizinische Wahlarztpraxis f\u00fcr Orthop\u00e4die, Orthop\u00e4dische Chirurgie und Neurochirurgie  - ehem. Wahlarztpraxis Dr.med.univ Lotz Andreas\",\"publisher\":{\"@id\":\"https:\/\/neuro-ortho.at\/de\/#organization\"},\"potentialAction\":[{\"@type\":\"SearchAction\",\"target\":{\"@type\":\"EntryPoint\",\"urlTemplate\":\"https:\/\/neuro-ortho.at\/de\/?s={search_term_string}\"},\"query-input\":{\"@type\":\"PropertyValueSpecification\",\"valueRequired\":true,\"valueName\":\"search_term_string\"}}],\"inLanguage\":\"de-AT\"},{\"@type\":\"Organization\",\"@id\":\"https:\/\/neuro-ortho.at\/de\/#organization\",\"name\":\"NEURO ORTHO - Dr. Thomas Jazbec - Sportmedizinische Wahlarztpraxis f\u00fcr Orthop\u00e4die, Orthop\u00e4dische Chirurgie und Neurochirurgie\",\"url\":\"https:\/\/neuro-ortho.at\/de\/\",\"logo\":{\"@type\":\"ImageObject\",\"inLanguage\":\"de-AT\",\"@id\":\"https:\/\/neuro-ortho.at\/de\/#\/schema\/logo\/image\/\",\"url\":\"https:\/\/neuro-ortho.at\/de\/wp-content\/uploads\/2020\/12\/neuro_ortho_logo_4c_500px.png\",\"contentUrl\":\"https:\/\/neuro-ortho.at\/de\/wp-content\/uploads\/2020\/12\/neuro_ortho_logo_4c_500px.png\",\"width\":500,\"height\":123,\"caption\":\"NEURO ORTHO - Dr. Thomas Jazbec - Sportmedizinische Wahlarztpraxis f\u00fcr Orthop\u00e4die, Orthop\u00e4dische Chirurgie und Neurochirurgie\"},\"image\":{\"@id\":\"https:\/\/neuro-ortho.at\/de\/#\/schema\/logo\/image\/\"},\"sameAs\":[\"https:\/\/www.facebook.com\/neuro.ortho.at\",\"https:\/\/www.instagram.com\/neuro.ortho\/\"]}]}<\/script>\n<!-- \/ Yoast SEO plugin. -->","yoast_head_json":{"title":"\u00dcber mich - NEURO ORTHO - Dr. Thomas Jazbec - Sportmedizinische Wahlarztpraxis f\u00fcr Orthop\u00e4die, Orthop\u00e4dische Chirurgie und Neurochirurgie","robots":{"index":"index","follow":"follow","max-snippet":"max-snippet:-1","max-image-preview":"max-image-preview:large","max-video-preview":"max-video-preview:-1"},"canonical":"https:\/\/neuro-ortho.at\/de\/sportarzt_innsbruck_jazbec\/","og_locale":"de_DE","og_type":"article","og_title":"\u00dcber mich - NEURO ORTHO - Dr. Thomas Jazbec - Sportmedizinische Wahlarztpraxis f\u00fcr Orthop\u00e4die, Orthop\u00e4dische Chirurgie und Neurochirurgie","og_description":"[vc_row gap=&#8220;10&#8243; css=&#8220;.vc_custom_1665568683503{margin-top: 70px !important;margin-right: 50px !important;margin-bottom: 50px !important;margin-left: 35px !important;}&#8220;][vc_column width=&#8220;1\/2&#8243; css=&#8220;.vc_custom_1665568637104{margin-top: 30px !important;}&#8220;][vc_single_image image=&#8220;9483&#8243; img_size=&#8220;500&#215;500&#8243; style=&#8220;vc_box_rounded&#8220;][\/vc_column][vc_column width=&#8220;1\/2&#8243;][vc_column_text css=&#8220;&#8220;] Dr. med. Thomas Jazbec Nachfolgepraxis Dr. Andreas Lotz KLINISCHE ERFAHRUNG seit 2020: Praxisinhaber und Nachfolger von Dr. Andreas Lotz seit [&hellip;]","og_url":"https:\/\/neuro-ortho.at\/de\/sportarzt_innsbruck_jazbec\/","og_site_name":"NEURO ORTHO - Dr. Thomas Jazbec - Sportmedizinische Wahlarztpraxis f\u00fcr Orthop\u00e4die, Orthop\u00e4dische Chirurgie und Neurochirurgie","article_publisher":"https:\/\/www.facebook.com\/neuro.ortho.at","article_modified_time":"2025-09-15T18:51:57+00:00","twitter_card":"summary_large_image","twitter_misc":{"Gesch\u00e4tzte Lesezeit":"3 Minuten"},"schema":{"@context":"https:\/\/schema.org","@graph":[{"@type":"WebPage","@id":"https:\/\/neuro-ortho.at\/de\/sportarzt_innsbruck_jazbec\/","url":"https:\/\/neuro-ortho.at\/de\/sportarzt_innsbruck_jazbec\/","name":"\u00dcber mich - NEURO ORTHO - Dr. Thomas Jazbec - Sportmedizinische Wahlarztpraxis f\u00fcr Orthop\u00e4die, Orthop\u00e4dische Chirurgie und Neurochirurgie","isPartOf":{"@id":"https:\/\/neuro-ortho.at\/de\/#website"},"datePublished":"2017-04-18T14:17:49+00:00","dateModified":"2025-09-15T18:51:57+00:00","breadcrumb":{"@id":"https:\/\/neuro-ortho.at\/de\/sportarzt_innsbruck_jazbec\/#breadcrumb"},"inLanguage":"de-AT","potentialAction":[{"@type":"ReadAction","target":["https:\/\/neuro-ortho.at\/de\/sportarzt_innsbruck_jazbec\/"]}]},{"@type":"BreadcrumbList","@id":"https:\/\/neuro-ortho.at\/de\/sportarzt_innsbruck_jazbec\/#breadcrumb","itemListElement":[{"@type":"ListItem","position":1,"name":"Startseite","item":"https:\/\/neuro-ortho.at\/de\/"},{"@type":"ListItem","position":2,"name":"\u00dcber mich"}]},{"@type":"WebSite","@id":"https:\/\/neuro-ortho.at\/de\/#website","url":"https:\/\/neuro-ortho.at\/de\/","name":"NEURO ORTHO - Dr. Thomas Jazbec - Sportmedizinische Wahlarztpraxis f\u00fcr Orthop\u00e4die, Orthop\u00e4dische Chirurgie und Neurochirurgie","description":"Dr. Jazbec Jazbec - Sportmedizinische Wahlarztpraxis f\u00fcr Orthop\u00e4die, Orthop\u00e4dische Chirurgie und Neurochirurgie  - ehem. Wahlarztpraxis Dr.med.univ Lotz Andreas","publisher":{"@id":"https:\/\/neuro-ortho.at\/de\/#organization"},"potentialAction":[{"@type":"SearchAction","target":{"@type":"EntryPoint","urlTemplate":"https:\/\/neuro-ortho.at\/de\/?s={search_term_string}"},"query-input":{"@type":"PropertyValueSpecification","valueRequired":true,"valueName":"search_term_string"}}],"inLanguage":"de-AT"},{"@type":"Organization","@id":"https:\/\/neuro-ortho.at\/de\/#organization","name":"NEURO ORTHO - Dr. Thomas Jazbec - Sportmedizinische Wahlarztpraxis f\u00fcr Orthop\u00e4die, Orthop\u00e4dische Chirurgie und Neurochirurgie","url":"https:\/\/neuro-ortho.at\/de\/","logo":{"@type":"ImageObject","inLanguage":"de-AT","@id":"https:\/\/neuro-ortho.at\/de\/#\/schema\/logo\/image\/","url":"https:\/\/neuro-ortho.at\/de\/wp-content\/uploads\/2020\/12\/neuro_ortho_logo_4c_500px.png","contentUrl":"https:\/\/neuro-ortho.at\/de\/wp-content\/uploads\/2020\/12\/neuro_ortho_logo_4c_500px.png","width":500,"height":123,"caption":"NEURO ORTHO - Dr. Thomas Jazbec - Sportmedizinische Wahlarztpraxis f\u00fcr Orthop\u00e4die, Orthop\u00e4dische Chirurgie und Neurochirurgie"},"image":{"@id":"https:\/\/neuro-ortho.at\/de\/#\/schema\/logo\/image\/"},"sameAs":["https:\/\/www.facebook.com\/neuro.ortho.at","https:\/\/www.instagram.com\/neuro.ortho\/"]}]}},"_links":{"self":[{"href":"https:\/\/neuro-ortho.at\/de\/wp-json\/wp\/v2\/pages\/6198","targetHints":{"allow":["GET"]}}],"collection":[{"href":"https:\/\/neuro-ortho.at\/de\/wp-json\/wp\/v2\/pages"}],"about":[{"href":"https:\/\/neuro-ortho.at\/de\/wp-json\/wp\/v2\/types\/page"}],"author":[{"embeddable":true,"href":"https:\/\/neuro-ortho.at\/de\/wp-json\/wp\/v2\/users\/1"}],"replies":[{"embeddable":true,"href":"https:\/\/neuro-ortho.at\/de\/wp-json\/wp\/v2\/comments?post=6198"}],"version-history":[{"count":59,"href":"https:\/\/neuro-ortho.at\/de\/wp-json\/wp\/v2\/pages\/6198\/revisions"}],"predecessor-version":[{"id":10526,"href":"https:\/\/neuro-ortho.at\/de\/wp-json\/wp\/v2\/pages\/6198\/revisions\/10526"}],"wp:attachment":[{"href":"https:\/\/neuro-ortho.at\/de\/wp-json\/wp\/v2\/media?parent=6198"}],"curies":[{"name":"wp","href":"https:\/\/api.w.org\/{rel}","templated":true}]}}